{"id":14010,"date":"2022-06-17T13:48:57","date_gmt":"2022-06-17T13:48:57","guid":{"rendered":"https:\/\/vigilhate.tina.pt\/?page_id=14010"},"modified":"2023-03-24T18:29:21","modified_gmt":"2023-03-24T18:29:21","slug":"our-team-1-2","status":"publish","type":"page","link":"https:\/\/vigilhate.tina.pt\/en\/our-team-1-2\/","title":{"rendered":"E_Equipa_Our Team_alt"},"content":{"rendered":"<div data-elementor-type=\"wp-page\" data-elementor-id=\"14010\" class=\"elementor elementor-14010\">\n\t\t\t\t\t\t\t\t\t<section class=\"elementor-section elementor-top-section elementor-element elementor-element-7848df2 elementor-section-full_width elementor-section-height-default elementor-section-height-default qodef-backgound-letter-holder-no qodef-elementor-content-no\" data-id=\"7848df2\" data-element_type=\"section\">\n\t\t\t\t\t\t<div class=\"elementor-container elementor-column-gap-default\">\n\t\t\t\t\t<div class=\"elementor-column elementor-col-100 elementor-top-column elementor-element elementor-element-c09c24b\" data-id=\"c09c24b\" data-element_type=\"column\">\n\t\t\t<div class=\"elementor-widget-wrap elementor-element-populated\">\n\t\t\t\t\t\t\t\t<div class=\"elementor-element elementor-element-2b98d80 elementor-widget__width-inherit elementor-widget elementor-widget-image\" data-id=\"2b98d80\" data-element_type=\"widget\" data-widget_type=\"image.default\">\n\t\t\t\t<div class=\"elementor-widget-container\">\n\t\t\t<style>\/*! elementor - v3.10.1 - 17-01-2023 *\/\n.elementor-widget-image{text-align:center}.elementor-widget-image a{display:inline-block}.elementor-widget-image a img[src$=\".svg\"]{width:48px}.elementor-widget-image img{vertical-align:middle;display:inline-block}<\/style>\t\t\t\t\t\t\t\t\t\t\t\t<img decoding=\"async\" src=\"https:\/\/vigilhate.tina.pt\/wp-content\/uploads\/elementor\/thumbs\/IMAGE_01-Soft-Light-q1wu6ivbg0mwf1eay9a8gwlozcvq72q7a2nqt6rmaa.jpg\" title=\"IMAGE_01-Soft-Light\" alt=\"IMAGE_01-Soft-Light\" loading=\"lazy\" \/>\t\t\t\t\t\t\t\t\t\t\t\t\t\t\t<\/div>\n\t\t\t\t<\/div>\n\t\t\t\t\t<\/div>\n\t\t<\/div>\n\t\t\t\t\t\t\t<\/div>\n\t\t<\/section>\n\t\t\t\t<section class=\"elementor-section elementor-top-section elementor-element elementor-element-c9815c1 elementor-section-full_width elementor-section-height-default elementor-section-height-default qodef-backgound-letter-holder-no qodef-elementor-content-no\" data-id=\"c9815c1\" data-element_type=\"section\">\n\t\t\t\t\t\t<div class=\"elementor-container elementor-column-gap-default\">\n\t\t\t\t\t<div class=\"elementor-column elementor-col-33 elementor-top-column elementor-element elementor-element-e35b577\" data-id=\"e35b577\" data-element_type=\"column\">\n\t\t\t<div class=\"elementor-widget-wrap elementor-element-populated\">\n\t\t\t\t\t\t\t\t<div class=\"elementor-element elementor-element-285370e elementor-widget elementor-widget-image\" data-id=\"285370e\" data-element_type=\"widget\" data-widget_type=\"image.default\">\n\t\t\t\t<div class=\"elementor-widget-container\">\n\t\t\t\t\t\t\t\t\t\t\t\t\t\t\t<img decoding=\"async\" width=\"1024\" height=\"973\" src=\"https:\/\/vigilhate.tina.pt\/wp-content\/uploads\/2021\/06\/ISABEL_Pinto-1024x973.jpg\" class=\"attachment-large size-large wp-image-13790\" alt=\"\" srcset=\"https:\/\/vigilhate.tina.pt\/wp-content\/uploads\/2021\/06\/ISABEL_Pinto-1024x973.jpg 1024w, https:\/\/vigilhate.tina.pt\/wp-content\/uploads\/2021\/06\/ISABEL_Pinto-300x285.jpg 300w, https:\/\/vigilhate.tina.pt\/wp-content\/uploads\/2021\/06\/ISABEL_Pinto-768x729.jpg 768w, https:\/\/vigilhate.tina.pt\/wp-content\/uploads\/2021\/06\/ISABEL_Pinto-13x12.jpg 13w, https:\/\/vigilhate.tina.pt\/wp-content\/uploads\/2021\/06\/ISABEL_Pinto.jpg 1276w\" sizes=\"(max-width: 1024px) 100vw, 1024px\" \/>\t\t\t\t\t\t\t\t\t\t\t\t\t\t\t<\/div>\n\t\t\t\t<\/div>\n\t\t\t\t<div class=\"elementor-element elementor-element-d094ee6 elementor-widget elementor-widget-text-editor\" data-id=\"d094ee6\" data-element_type=\"widget\" data-widget_type=\"text-editor.default\">\n\t\t\t\t<div class=\"elementor-widget-container\">\n\t\t\t<style>\/*! elementor - v3.10.1 - 17-01-2023 *\/\n.elementor-widget-text-editor.elementor-drop-cap-view-stacked .elementor-drop-cap{background-color:#818a91;color:#fff}.elementor-widget-text-editor.elementor-drop-cap-view-framed .elementor-drop-cap{color:#818a91;border:3px solid;background-color:transparent}.elementor-widget-text-editor:not(.elementor-drop-cap-view-default) .elementor-drop-cap{margin-top:8px}.elementor-widget-text-editor:not(.elementor-drop-cap-view-default) .elementor-drop-cap-letter{width:1em;height:1em}.elementor-widget-text-editor .elementor-drop-cap{float:left;text-align:center;line-height:1;font-size:50px}.elementor-widget-text-editor .elementor-drop-cap-letter{display:inline-block}<\/style>\t\t\t\t<h4 class=\"qodef-e-title entry-title\">Isabel R. Pinto<br \/>\u2014 Leading researcher<\/h4><h5>Associate Professor with Aggregation, with PhD in Social Psychology. Coordinator of the Area of Specialization Psychology of Organizations, Social and Work, of the Master's Course in Psychology, of the Faculty of Psychology and Educational Sciences of the University of Porto. Coordinator of the research group Culture, Normativity and Diversity, of the Center of Psychology of the University of Porto. Director of the Laboratory of Social Psychology, Faculty of Psychology and Educational Sciences, University of Porto. Member of the Board of the Portuguese Association of Psychology.\nResearch interests: study of psychosocial processes associated with reaction to deviant behavior (including hate crime and economic crime), extremism (focusing on social conflict) and populism. Involvement (as a principal researcher, team member or advisory board member) in research projects about hate speech, perception and impact of corruption (as a team member), discrimination and inclusion of refugees in Europe, extremism and populism, misinformation and misuse of social networks, and behaviors associated with conspiracy theories and negationism.<\/h5><h6><em>Other funded projects (in progress):<\/em><\/h6><h6><span style=\"text-decoration: underline;\"><a href=\"https:\/\/educhate.fpce.up.pt\/\" target=\"_blank\" rel=\"noopener\">EducHate: An educational approach to detect, combat and prevent online hate speech\u201d<\/a> <\/span>(ref: <span style=\"text-decoration: underline;\"><a href=\"https:\/\/sigarra.up.pt\/fpceup\/pt\/projectos_geral.mostra_projecto?P_ID=78011\" target=\"_blank\" rel=\"noopener\">759154579<\/a><\/span>): Portuguese Foundation for Science and Technology (FCT), started in May 2021.<\/h6><h6>\u201cClimActiC: CidadaniaPeloClima: Criando Pontes entre Cidadania e Ci\u00eancia para a Adapta\u00e7\u00e3o Clim\u00e1tica\u201d (ref: <span style=\"text-decoration: underline;\"><a href=\"https:\/\/www.fpce.up.pt\/ciie\/?q=content\/climactic\" target=\"_blank\" rel=\"noopener\">NORTE-01-0145-FEDER-000071<\/a>),<\/span> started in July 2021.<\/h6><h6>\u201cNEW ABC: Networking the Educational World: Across Boundaries for Community-building\u201d (ref: <span style=\"text-decoration: underline;\"><a href=\"https:\/\/cordis.europa.eu\/project\/id\/101004640\" target=\"_blank\" rel=\"noopener\">101004640<\/a>):<\/span> EUROPEAN COMMISSION, started in January 2021.<\/h6><h6>\u201cCorrup\u00e7\u00e3o e crise econ\u00f3mica, uma combina\u00e7\u00e3o perigosa: compreender as interac\u00e7\u00f5es processo-resultado na explica\u00e7\u00e3o do apoio \u00e0 democracia\u201d (ref: <span style=\"text-decoration: underline;\"><a href=\"https:\/\/www.ics.ulisboa.pt\/projeto\/corrupcao-e-crise-economica-uma-combinacao-perigosa-compreender-interaccoes-processo\" target=\"_blank\" rel=\"noopener\">C492603946-00087624<\/a>):<\/span> Portuguese Foundation for Science and Technology (FCT), started in 2018.<\/h6><p><span style=\"text-decoration: underline;\"><a href=\"mailto:ipinto@fpce.up.pt\" target=\"_blank\" rel=\"noopener\">EMAIL<\/a><\/span> \/ <a href=\"https:\/\/sigarra.up.pt\/fpceup\/pt\/func_geral.formview?p_codigo=233812\" target=\"_blank\" rel=\"noopener\"><span lang=\"PT\"><span style=\"text-decoration: underline;\">FPCEUP<\/span> <\/span><\/a>\/ <span style=\"text-decoration: underline;\"><a href=\"https:\/\/orcid.org\/0000-0001-5788-4140\" target=\"_blank\" rel=\"noopener\">ORCID<\/a><\/span>\u00a0\/ <span style=\"text-decoration: underline;\"><a href=\"https:\/\/www.researchgate.net\/profile\/Isabel-Pinto-4\" target=\"_blank\" rel=\"noopener\">RESEARCHGATE<\/a><\/span><\/p>\t\t\t\t\t\t<\/div>\n\t\t\t\t<\/div>\n\t\t\t\t\t<\/div>\n\t\t<\/div>\n\t\t\t\t<div class=\"elementor-column elementor-col-33 elementor-top-column elementor-element elementor-element-7f9b761\" data-id=\"7f9b761\" data-element_type=\"column\">\n\t\t\t<div class=\"elementor-widget-wrap elementor-element-populated\">\n\t\t\t\t\t\t\t\t<div class=\"elementor-element elementor-element-b0e9a46 elementor-widget elementor-widget-image\" data-id=\"b0e9a46\" data-element_type=\"widget\" data-widget_type=\"image.default\">\n\t\t\t\t<div class=\"elementor-widget-container\">\n\t\t\t\t\t\t\t\t\t\t\t\t\t\t\t<img decoding=\"async\" width=\"1024\" height=\"973\" src=\"https:\/\/vigilhate.tina.pt\/wp-content\/uploads\/2021\/06\/CATARINA_Carvalho-1024x973.jpg\" class=\"attachment-large size-large wp-image-13787\" alt=\"\" srcset=\"https:\/\/vigilhate.tina.pt\/wp-content\/uploads\/2021\/06\/CATARINA_Carvalho-1024x973.jpg 1024w, https:\/\/vigilhate.tina.pt\/wp-content\/uploads\/2021\/06\/CATARINA_Carvalho-300x285.jpg 300w, https:\/\/vigilhate.tina.pt\/wp-content\/uploads\/2021\/06\/CATARINA_Carvalho-768x729.jpg 768w, https:\/\/vigilhate.tina.pt\/wp-content\/uploads\/2021\/06\/CATARINA_Carvalho-13x12.jpg 13w, https:\/\/vigilhate.tina.pt\/wp-content\/uploads\/2021\/06\/CATARINA_Carvalho.jpg 1276w\" sizes=\"(max-width: 1024px) 100vw, 1024px\" \/>\t\t\t\t\t\t\t\t\t\t\t\t\t\t\t<\/div>\n\t\t\t\t<\/div>\n\t\t\t\t<div class=\"elementor-element elementor-element-121b45c elementor-widget elementor-widget-text-editor\" data-id=\"121b45c\" data-element_type=\"widget\" data-widget_type=\"text-editor.default\">\n\t\t\t\t<div class=\"elementor-widget-container\">\n\t\t\t\t\t\t\t<h4 class=\"qodef-e-title entry-title\">Catarina L. Carvalho<\/h4><h5>PhD in Psychology, specialization in Social Psychology, Faculty of Psychology and Educational Sciences, University of Porto (FPCEUP). Member of the Laboratory of Social Psychology, FPCEUP.\nSince 2021, she has been a postdoctoral researcher at FPCEUP, as part of the VigilHate project: \"VIGILANT CITIZENS AGAINST HATE\": How to counter bystander apathy and increase citizens' commitment against online hate speech?.\nHer main research interests focus on civic and political participation, civic empowerment, social movements, collective action and the psychological mechanisms associated with support for social hierarchies and inequality. She is also currently working on adhering to nationalism and populism, discrimination against immigrants and other minority groups, and on hate crime.<\/h5><p><span style=\"text-decoration: underline;\"><a href=\"mailto:anacarvalho@fpce.up.pt\" target=\"_blank\" rel=\"noopener\">EMAIL<\/a><\/span> \/ <a href=\"https:\/\/sigarra.up.pt\/fpceup\/pt\/func_geral.formview?p_codigo=536218\" target=\"_blank\" rel=\"noopener\"><span lang=\"PT\"><span style=\"text-decoration: underline;\">FPCEUP<\/span> <\/span><\/a>\/ <span style=\"text-decoration: underline;\"><a href=\"https:\/\/orcid.org\/0000-0002-4779-5328\" target=\"_blank\" rel=\"noopener\">ORCID<\/a><\/span>\u00a0\/ <span style=\"text-decoration: underline;\"><a href=\"https:\/\/www.researchgate.net\/profile\/Catarina-L-Carvalho-2\" target=\"_blank\" rel=\"noopener\">RESEARCHGATE<\/a><\/span><\/p>\t\t\t\t\t\t<\/div>\n\t\t\t\t<\/div>\n\t\t\t\t\t<\/div>\n\t\t<\/div>\n\t\t\t\t<div class=\"elementor-column elementor-col-33 elementor-top-column elementor-element elementor-element-fd24f9d\" data-id=\"fd24f9d\" data-element_type=\"column\">\n\t\t\t<div class=\"elementor-widget-wrap elementor-element-populated\">\n\t\t\t\t\t\t\t\t<div class=\"elementor-element elementor-element-4e634b7 elementor-widget elementor-widget-image\" data-id=\"4e634b7\" data-element_type=\"widget\" data-widget_type=\"image.default\">\n\t\t\t\t<div class=\"elementor-widget-container\">\n\t\t\t\t\t\t\t\t\t\t\t\t\t\t\t<img decoding=\"async\" width=\"1024\" height=\"973\" src=\"https:\/\/vigilhate.tina.pt\/wp-content\/uploads\/2021\/06\/CATIA_de_Carvalho-1024x973.jpg\" class=\"attachment-large size-large wp-image-13788\" alt=\"\" srcset=\"https:\/\/vigilhate.tina.pt\/wp-content\/uploads\/2021\/06\/CATIA_de_Carvalho-1024x973.jpg 1024w, https:\/\/vigilhate.tina.pt\/wp-content\/uploads\/2021\/06\/CATIA_de_Carvalho-300x285.jpg 300w, https:\/\/vigilhate.tina.pt\/wp-content\/uploads\/2021\/06\/CATIA_de_Carvalho-768x729.jpg 768w, https:\/\/vigilhate.tina.pt\/wp-content\/uploads\/2021\/06\/CATIA_de_Carvalho-13x12.jpg 13w, https:\/\/vigilhate.tina.pt\/wp-content\/uploads\/2021\/06\/CATIA_de_Carvalho.jpg 1276w\" sizes=\"(max-width: 1024px) 100vw, 1024px\" \/>\t\t\t\t\t\t\t\t\t\t\t\t\t\t\t<\/div>\n\t\t\t\t<\/div>\n\t\t\t\t<div class=\"elementor-element elementor-element-8c93b23 elementor-widget elementor-widget-text-editor\" data-id=\"8c93b23\" data-element_type=\"widget\" data-widget_type=\"text-editor.default\">\n\t\t\t\t<div class=\"elementor-widget-container\">\n\t\t\t\t\t\t\t<h4 class=\"qodef-e-title entry-title\">C\u00e1tia de Carvalho<\/h4><h5>PhD in Psychology from the Faculty of Psychology and Educational Sciences of the University of Porto, where she is dedicated to studying the psychosocial processes associated with prevention and combating radicalization. In this context was visiting scholar at the University of Cambridge. She has been involved in research projects on (against) radicalisation, is the author of publications in this area and is an expert at the Radicalisation Awareness Network of the European Commission.<\/h5><p><span style=\"text-decoration: underline;\"><a href=\"mailto:catiamoreiracarvalho@gmail.com\" target=\"_blank\" rel=\"noopener\">EMAIL<\/a><\/span> \/ <a href=\"https:\/\/sigarra.up.pt\/fpceup\/pt\/func_geral.formview?p_codigo=685519\" target=\"_blank\" rel=\"noopener\"><span lang=\"PT\"><span style=\"text-decoration: underline;\">FPCEUP<\/span> <\/span><\/a>\/ <span style=\"text-decoration: underline;\"><a href=\"https:\/\/orcid.org\/0000-0001-8516-313X\" target=\"_blank\" rel=\"noopener\">ORCID<\/a><\/span>\u00a0\/ <span style=\"text-decoration: underline;\"><a href=\"https:\/\/www.researchgate.net\/profile\/Catia-De-Carvalho\" target=\"_blank\" rel=\"noopener\">RESEARCHGATE<\/a><\/span><\/p>\t\t\t\t\t\t<\/div>\n\t\t\t\t<\/div>\n\t\t\t\t\t<\/div>\n\t\t<\/div>\n\t\t\t\t\t\t\t<\/div>\n\t\t<\/section>\n\t\t\t\t<section class=\"elementor-section elementor-top-section elementor-element elementor-element-b1abc3d elementor-section-full_width elementor-section-height-default elementor-section-height-default qodef-backgound-letter-holder-no qodef-elementor-content-no\" data-id=\"b1abc3d\" data-element_type=\"section\">\n\t\t\t\t\t\t<div class=\"elementor-container elementor-column-gap-default\">\n\t\t\t\t\t<div class=\"elementor-column elementor-col-33 elementor-top-column elementor-element elementor-element-56daf83\" data-id=\"56daf83\" data-element_type=\"column\">\n\t\t\t<div class=\"elementor-widget-wrap elementor-element-populated\">\n\t\t\t\t\t\t\t\t<div class=\"elementor-element elementor-element-70e47bd elementor-widget elementor-widget-image\" data-id=\"70e47bd\" data-element_type=\"widget\" data-widget_type=\"image.default\">\n\t\t\t\t<div class=\"elementor-widget-container\">\n\t\t\t\t\t\t\t\t\t\t\t\t\t\t\t<img decoding=\"async\" width=\"1024\" height=\"973\" src=\"https:\/\/vigilhate.tina.pt\/wp-content\/uploads\/2021\/06\/SARA_Alves-1024x973.jpg\" class=\"attachment-large size-large wp-image-13794\" alt=\"\" srcset=\"https:\/\/vigilhate.tina.pt\/wp-content\/uploads\/2021\/06\/SARA_Alves-1024x973.jpg 1024w, https:\/\/vigilhate.tina.pt\/wp-content\/uploads\/2021\/06\/SARA_Alves-300x285.jpg 300w, https:\/\/vigilhate.tina.pt\/wp-content\/uploads\/2021\/06\/SARA_Alves-768x729.jpg 768w, https:\/\/vigilhate.tina.pt\/wp-content\/uploads\/2021\/06\/SARA_Alves-13x12.jpg 13w, https:\/\/vigilhate.tina.pt\/wp-content\/uploads\/2021\/06\/SARA_Alves.jpg 1276w\" sizes=\"(max-width: 1024px) 100vw, 1024px\" \/>\t\t\t\t\t\t\t\t\t\t\t\t\t\t\t<\/div>\n\t\t\t\t<\/div>\n\t\t\t\t<div class=\"elementor-element elementor-element-795ee16 elementor-widget elementor-widget-text-editor\" data-id=\"795ee16\" data-element_type=\"widget\" data-widget_type=\"text-editor.default\">\n\t\t\t\t<div class=\"elementor-widget-container\">\n\t\t\t\t\t\t\t<h4 class=\"qodef-e-title entry-title\">Sara G. Alves<\/h4><h5>Master in Psychology and PhD student in Psychology at the Faculty of Psychology and Educational Sciences of the University of Porto. She has professional experience in conducting opinion studies, quantitative and qualitative, in the areas of customer satisfaction, political studies, notoriety of advertising campaigns, among others. Her research interests are in the field of Social Psychology, namely Social Psychology of Groups, and Political Psychology, focusing on the study of attitudes towards immigrants, perception of threat, nationalism and populism. \nAt the methodological level, her experience is mainly related to the implementation of quantitative studies (experimental and correlational), still having some experience in qualitative studies which she would like to increase in the future.<\/h5><p><span style=\"text-decoration: underline;\"><a href=\"mailto:up201304933@edu.fpce.up.pt\" target=\"_blank\" rel=\"noopener\">EMAIL<\/a><\/span> \/ <a href=\"https:\/\/sigarra.up.pt\/fpceup\/pt\/fest_geral.cursos_list?pv_num_unico=201304933\" target=\"_blank\" rel=\"noopener\"><span lang=\"PT\"><span style=\"text-decoration: underline;\">FPCEUP<\/span> <\/span><\/a>\/ <span style=\"text-decoration: underline;\"><a href=\"https:\/\/orcid.org\/0000-0001-6792-2614\" target=\"_blank\" rel=\"noopener\">ORCID<\/a><\/span>\u00a0\/ <span style=\"text-decoration: underline;\"><a href=\"https:\/\/www.researchgate.net\/profile\/Sara-Alves-10\" target=\"_blank\" rel=\"noopener\">RESEARCHGATE<\/a><\/span><\/p>\t\t\t\t\t\t<\/div>\n\t\t\t\t<\/div>\n\t\t\t\t\t<\/div>\n\t\t<\/div>\n\t\t\t\t<div class=\"elementor-column elementor-col-33 elementor-top-column elementor-element elementor-element-da13b4a\" data-id=\"da13b4a\" data-element_type=\"column\">\n\t\t\t<div class=\"elementor-widget-wrap elementor-element-populated\">\n\t\t\t\t\t\t\t\t<div class=\"elementor-element elementor-element-b474076 elementor-widget elementor-widget-image\" data-id=\"b474076\" data-element_type=\"widget\" data-widget_type=\"image.default\">\n\t\t\t\t<div class=\"elementor-widget-container\">\n\t\t\t\t\t\t\t\t\t\t\t\t\t\t\t<img decoding=\"async\" width=\"1024\" height=\"973\" src=\"https:\/\/vigilhate.tina.pt\/wp-content\/uploads\/2021\/06\/MARCIA_Bernardo-1024x973.jpg\" class=\"attachment-large size-large wp-image-13792\" alt=\"\" srcset=\"https:\/\/vigilhate.tina.pt\/wp-content\/uploads\/2021\/06\/MARCIA_Bernardo-1024x973.jpg 1024w, https:\/\/vigilhate.tina.pt\/wp-content\/uploads\/2021\/06\/MARCIA_Bernardo-300x285.jpg 300w, https:\/\/vigilhate.tina.pt\/wp-content\/uploads\/2021\/06\/MARCIA_Bernardo-768x729.jpg 768w, https:\/\/vigilhate.tina.pt\/wp-content\/uploads\/2021\/06\/MARCIA_Bernardo-13x12.jpg 13w, https:\/\/vigilhate.tina.pt\/wp-content\/uploads\/2021\/06\/MARCIA_Bernardo.jpg 1276w\" sizes=\"(max-width: 1024px) 100vw, 1024px\" \/>\t\t\t\t\t\t\t\t\t\t\t\t\t\t\t<\/div>\n\t\t\t\t<\/div>\n\t\t\t\t<div class=\"elementor-element elementor-element-6952697 elementor-widget elementor-widget-text-editor\" data-id=\"6952697\" data-element_type=\"widget\" data-widget_type=\"text-editor.default\">\n\t\t\t\t<div class=\"elementor-widget-container\">\n\t\t\t\t\t\t\t<h4 class=\"qodef-e-title entry-title\">M\u00e1rcia Bernardo<\/h4><h5>Master's degree in Psychology of Organizations, Social and Work, and PhD student in Psychology at the Faculty of Psychology and Educational Sciences of the University of Porto. She did the curricular internship at DOMP, S.A., an opinion studies company, and the professional internship at SC Fitness, a company that develops its activity in the fitness segment.\nShe was also part of the Survey of Health, Ageing and Retirement in Europe (SHARE) project at DOMP, in which she performed as an interviewer and supervisor. Her research interests are in the field of Social Psychology, namely in the psychosocial processes inherent to intergroup relations and conflicts and in the adhering to populism. Currently, conducting research in the context of the support to populism, on processes of social inclusion and exclusion and intergroup relations.<\/h5><p><span style=\"text-decoration: underline;\"><a href=\"mailto:up201403939@up.pt\" target=\"_blank\" rel=\"noopener\">EMAIL<\/a><\/span> \/ <a href=\"https:\/\/sigarra.up.pt\/fpceup\/pt\/func_geral.formview?p_codigo=664550\" target=\"_blank\" rel=\"noopener\"><span lang=\"PT\"><span style=\"text-decoration: underline;\">FPCEUP<\/span> <\/span><\/a>\/ <span style=\"text-decoration: underline;\"><a href=\"https:\/\/orcid.org\/0000-0002-5686-6028\" target=\"_blank\" rel=\"noopener\">ORCID<\/a><\/span>\u00a0\/ <span style=\"text-decoration: underline;\"><a href=\"https:\/\/www.researchgate.net\/profile\/Marcia-Bernardo\" target=\"_blank\" rel=\"noopener\">RESEARCHGATE<\/a><\/span><\/p>\t\t\t\t\t\t<\/div>\n\t\t\t\t<\/div>\n\t\t\t\t\t<\/div>\n\t\t<\/div>\n\t\t\t\t<div class=\"elementor-column elementor-col-33 elementor-top-column elementor-element elementor-element-f2a7727\" data-id=\"f2a7727\" data-element_type=\"column\">\n\t\t\t<div class=\"elementor-widget-wrap\">\n\t\t\t\t\t\t\t\t\t<\/div>\n\t\t<\/div>\n\t\t\t\t\t\t\t<\/div>\n\t\t<\/section>\n\t\t\t\t<section class=\"elementor-section elementor-top-section elementor-element elementor-element-d4f4797 elementor-section-height-min-height elementor-section-boxed elementor-section-height-default elementor-section-items-middle qodef-backgound-letter-holder-no qodef-elementor-content-no\" data-id=\"d4f4797\" data-element_type=\"section\">\n\t\t\t\t\t\t<div class=\"elementor-container elementor-column-gap-default\">\n\t\t\t\t\t<div class=\"elementor-column elementor-col-100 elementor-top-column elementor-element elementor-element-d126e46\" data-id=\"d126e46\" data-element_type=\"column\">\n\t\t\t<div class=\"elementor-widget-wrap\">\n\t\t\t\t\t\t\t\t\t<\/div>\n\t\t<\/div>\n\t\t\t\t\t\t\t<\/div>\n\t\t<\/section>\n\t\t\t\t\t\t\t<\/div>","protected":false},"excerpt":{"rendered":"<p>Isabel R. Pinto\u2014 Investigadora Principal Professora Associada com Agrega\u00e7\u00e3o, com doutoramento em Psicologia Social. Coordenadora da \u00c1rea de especializa\u00e7\u00e3o Psicologia das Organiza\u00e7\u00f5es, Social e Trabalho, do Curso de Mestrado em Psicologia, pela Faculdade de Psicologia e Ci\u00eancias da Educa\u00e7\u00e3o da Universidade do Porto. Coordenadora do grupo de investiga\u00e7\u00e3o Cultura, Normatividade e Diversidade, do Centro de [&hellip;]<\/p>","protected":false},"author":1,"featured_media":0,"parent":0,"menu_order":0,"comment_status":"closed","ping_status":"closed","template":"page-full-width.php","meta":{"footnotes":""},"class_list":["post-14010","page","type-page","status-publish","hentry"],"_links":{"self":[{"href":"https:\/\/vigilhate.tina.pt\/en\/wp-json\/wp\/v2\/pages\/14010","targetHints":{"allow":["GET"]}}],"collection":[{"href":"https:\/\/vigilhate.tina.pt\/en\/wp-json\/wp\/v2\/pages"}],"about":[{"href":"https:\/\/vigilhate.tina.pt\/en\/wp-json\/wp\/v2\/types\/page"}],"author":[{"embeddable":true,"href":"https:\/\/vigilhate.tina.pt\/en\/wp-json\/wp\/v2\/users\/1"}],"replies":[{"embeddable":true,"href":"https:\/\/vigilhate.tina.pt\/en\/wp-json\/wp\/v2\/comments?post=14010"}],"version-history":[{"count":121,"href":"https:\/\/vigilhate.tina.pt\/en\/wp-json\/wp\/v2\/pages\/14010\/revisions"}],"predecessor-version":[{"id":14215,"href":"https:\/\/vigilhate.tina.pt\/en\/wp-json\/wp\/v2\/pages\/14010\/revisions\/14215"}],"wp:attachment":[{"href":"https:\/\/vigilhate.tina.pt\/en\/wp-json\/wp\/v2\/media?parent=14010"}],"curies":[{"name":"wp","href":"https:\/\/api.w.org\/{rel}","templated":true}]}}